{"id":116,"date":"2024-09-07T17:03:25","date_gmt":"2024-09-07T17:03:25","guid":{"rendered":"http:\/\/localhost\/eshti\/?page_id=116"},"modified":"2025-09-12T15:40:26","modified_gmt":"2025-09-12T15:40:26","slug":"home","status":"publish","type":"page","link":"https:\/\/conferenciacientifica.uem.mz\/","title":{"rendered":"Home"},"content":{"rendered":"\t\t<div data-elementor-type=\"wp-page\" data-elementor-id=\"116\" class=\"elementor elementor-116\" data-elementor-post-type=\"page\">\n\t\t\t\t<div class=\"elementor-element elementor-element-57f68e4 e-con-full e-flex e-con e-parent\" data-id=\"57f68e4\" data-element_type=\"container\">\n\t\t\t\t<\/div>\n\t\t<div class=\"elementor-element elementor-element-0c07ab2 e-flex e-con-boxed e-con e-parent\" data-id=\"0c07ab2\" data-element_type=\"container\">\n\t\t\t\t\t<div class=\"e-con-inner\">\n\t\t\t\t<div class=\"elementor-element elementor-element-94d98de elementor-widget elementor-widget-heading\" data-id=\"94d98de\" data-element_type=\"widget\" data-widget_type=\"heading.default\">\n\t\t\t\t<div class=\"elementor-widget-container\">\n\t\t\t\t\t<h2 class=\"elementor-heading-title elementor-size-default\">SOBRE A  CONFER\u00caNCIA CIENTI\u0301FICA DA UEM<\/h2>\t\t\t\t<\/div>\n\t\t\t\t<\/div>\n\t\t\t\t\t<\/div>\n\t\t\t\t<\/div>\n\t\t<div class=\"elementor-element elementor-element-8678660 e-flex e-con-boxed e-con e-parent\" data-id=\"8678660\" data-element_type=\"container\">\n\t\t\t\t\t<div class=\"e-con-inner\">\n\t\t\t\t<div class=\"elementor-element elementor-element-2a7dbae elementor-widget elementor-widget-text-editor\" data-id=\"2a7dbae\" data-element_type=\"widget\" data-widget_type=\"text-editor.default\">\n\t\t\t\t<div class=\"elementor-widget-container\">\n\t\t\t\t\t\t\t\t\t<p>A Confer\u00eancia Cient\u00edfica da Universidade Eduardo Mondlane (UEM), \u00e9 um f\u00f3rum bienal, inter e multidisciplinar, que visa a apresenta\u00e7\u00e3o e dissemina\u00e7\u00e3o dos resultados da investiga\u00e7\u00e3o realizada por docentes, investigadores e estudantes da UEM e de outras institui\u00e7\u00f5es nacionais e internacionais. Este evento, constitui um espa\u00e7o de partilha de oportunidades, de estabelecimento de contactos, parcerias e intera\u00e7\u00e3o entre a comunidades acad\u00e9mica nacional e internacional, sociedade no geral e parceiros de coopera\u00e7\u00e3o. A UEM dedica esta XIII Confer\u00eancia Cient\u00edfica \u00e0 reflex\u00e3o sobre o seu contributo para o desenvolvimento das comunidades e da sociedade mo\u00e7ambicana atrav\u00e9s da ci\u00eancia, tecnologia e inova\u00e7\u00e3o, nestes 50 anos da independ\u00eancia. O evento abrange todas as \u00e1reas cient\u00edficas que contribuem para o desenvolvimento.<\/p>\t\t\t\t\t\t\t\t<\/div>\n\t\t\t\t<\/div>\n\t\t\t\t\t<\/div>\n\t\t\t\t<\/div>\n\t\t<div class=\"elementor-element elementor-element-80a0a3d e-flex e-con-boxed e-con e-parent\" data-id=\"80a0a3d\" data-element_type=\"container\">\n\t\t\t\t\t<div class=\"e-con-inner\">\n\t\t\t\t<div class=\"elementor-element elementor-element-15895c8 elementor-countdown--label-block elementor-widget elementor-widget-countdown\" data-id=\"15895c8\" data-element_type=\"widget\" data-widget_type=\"countdown.default\">\n\t\t\t\t<div class=\"elementor-widget-container\">\n\t\t\t\t\t\t\t<div class=\"elementor-countdown-wrapper\" data-date=\"1758013200\">\r\n\t\t\t<div class=\"elementor-countdown-item\"><span class=\"elementor-countdown-digits elementor-countdown-days\"><\/span> <span class=\"elementor-countdown-label\">Dias<\/span><\/div><div class=\"elementor-countdown-item\"><span class=\"elementor-countdown-digits elementor-countdown-hours\"><\/span> <span class=\"elementor-countdown-label\">Horas<\/span><\/div><div class=\"elementor-countdown-item\"><span class=\"elementor-countdown-digits elementor-countdown-minutes\"><\/span> <span class=\"elementor-countdown-label\">Minutos<\/span><\/div><div class=\"elementor-countdown-item\"><span class=\"elementor-countdown-digits elementor-countdown-seconds\"><\/span> <span class=\"elementor-countdown-label\">Segundos<\/span><\/div>\t\t<\/div>\r\n\t\t\t\t\t\t<\/div>\n\t\t\t\t<\/div>\n\t\t\t\t\t<\/div>\n\t\t\t\t<\/div>\n\t\t<div class=\"elementor-element elementor-element-dfa8a35 e-flex e-con-boxed e-con e-parent\" data-id=\"dfa8a35\" data-element_type=\"container\" data-settings=\"{&quot;background_background&quot;:&quot;classic&quot;}\">\n\t\t\t\t\t<div class=\"e-con-inner\">\n\t\t<div class=\"elementor-element elementor-element-088a3a7 e-con-full e-flex e-con e-child\" data-id=\"088a3a7\" data-element_type=\"container\">\n\t\t\t\t<div class=\"elementor-element elementor-element-0bcc964 elementor-widget elementor-widget-heading\" data-id=\"0bcc964\" data-element_type=\"widget\" data-widget_type=\"heading.default\">\n\t\t\t\t<div class=\"elementor-widget-container\">\n\t\t\t\t\t<h3 class=\"elementor-heading-title elementor-size-default\">\u00c1reas tem\u00e1ticas<\/h3>\t\t\t\t<\/div>\n\t\t\t\t<\/div>\n\t\t\t\t<div class=\"elementor-element elementor-element-cb77b46 elementor-widget elementor-widget-n-accordion\" data-id=\"cb77b46\" data-element_type=\"widget\" data-settings=\"{&quot;default_state&quot;:&quot;all_collapsed&quot;,&quot;max_items_expended&quot;:&quot;one&quot;,&quot;n_accordion_animation_duration&quot;:{&quot;unit&quot;:&quot;ms&quot;,&quot;size&quot;:400,&quot;sizes&quot;:[]}}\" data-widget_type=\"nested-accordion.default\">\n\t\t\t\t<div class=\"elementor-widget-container\">\n\t\t\t\t\t\t\t<div class=\"e-n-accordion\" aria-label=\"Accordion. Open links with Enter or Space, close with Escape, and navigate with Arrow Keys\">\n\t\t\t\t\t\t<details id=\"e-n-accordion-item-2130\" class=\"e-n-accordion-item\" >\n\t\t\t\t<summary class=\"e-n-accordion-item-title\" data-accordion-index=\"1\" tabindex=\"0\" aria-expanded=\"false\" aria-controls=\"e-n-accordion-item-2130\" >\n\t\t\t\t\t<span class='e-n-accordion-item-title-header'><div class=\"e-n-accordion-item-title-text\"> Sa\u00fade e bem-estar <\/div><\/span>\n\t\t\t\t\t\t\t<span class='e-n-accordion-item-title-icon'>\n\t\t\t<span class='e-opened' ><svg aria-hidden=\"true\" class=\"e-font-icon-svg e-fas-minus\" viewBox=\"0 0 448 512\" xmlns=\"http:\/\/www.w3.org\/2000\/svg\"><path d=\"M416 208H32c-17.67 0-32 14.33-32 32v32c0 17.67 14.33 32 32 32h384c17.67 0 32-14.33 32-32v-32c0-17.67-14.33-32-32-32z\"><\/path><\/svg><\/span>\n\t\t\t<span class='e-closed'><svg aria-hidden=\"true\" class=\"e-font-icon-svg e-fas-plus\" viewBox=\"0 0 448 512\" xmlns=\"http:\/\/www.w3.org\/2000\/svg\"><path d=\"M416 208H272V64c0-17.67-14.33-32-32-32h-32c-17.67 0-32 14.33-32 32v144H32c-17.67 0-32 14.33-32 32v32c0 17.67 14.33 32 32 32h144v144c0 17.67 14.33 32 32 32h32c17.67 0 32-14.33 32-32V304h144c17.67 0 32-14.33 32-32v-32c0-17.67-14.33-32-32-32z\"><\/path><\/svg><\/span>\n\t\t<\/span>\n\n\t\t\t\t\t\t<\/summary>\n\t\t\t\t<div role=\"region\" aria-labelledby=\"e-n-accordion-item-2130\" class=\"elementor-element elementor-element-614613b e-con-full e-flex e-con e-child\" data-id=\"614613b\" data-element_type=\"container\">\n\t\t\t\t<div class=\"elementor-element elementor-element-1eb5d2d elementor-widget elementor-widget-text-editor\" data-id=\"1eb5d2d\" data-element_type=\"widget\" data-widget_type=\"text-editor.default\">\n\t\t\t\t<div class=\"elementor-widget-container\">\n\t\t\t\t\t\t\t\t\t<p>A investiga\u00e7\u00e3o em sa\u00fade est\u00e1 orientada para atender os desafios concretos da sa\u00fade da popula\u00e7\u00e3o (humana e animal) no pa\u00eds e inclui aspectos de medicina convencional e medicina alternativa e complementar, promo\u00e7\u00e3o de sa\u00fade, aspectos socioculturais e bem-estar.<\/p>\t\t\t\t\t\t\t\t<\/div>\n\t\t\t\t<\/div>\n\t\t\t\t<\/div>\n\t\t\t\t\t<\/details>\n\t\t\t\t\t\t<details id=\"e-n-accordion-item-2131\" class=\"e-n-accordion-item\" >\n\t\t\t\t<summary class=\"e-n-accordion-item-title\" data-accordion-index=\"2\" tabindex=\"-1\" aria-expanded=\"false\" aria-controls=\"e-n-accordion-item-2131\" >\n\t\t\t\t\t<span class='e-n-accordion-item-title-header'><div class=\"e-n-accordion-item-title-text\"> Recursos Naturais, Ambiente e Mudan\u00e7as Clim\u00e1ticas <\/div><\/span>\n\t\t\t\t\t\t\t<span class='e-n-accordion-item-title-icon'>\n\t\t\t<span class='e-opened' ><svg aria-hidden=\"true\" class=\"e-font-icon-svg e-fas-minus\" viewBox=\"0 0 448 512\" xmlns=\"http:\/\/www.w3.org\/2000\/svg\"><path d=\"M416 208H32c-17.67 0-32 14.33-32 32v32c0 17.67 14.33 32 32 32h384c17.67 0 32-14.33 32-32v-32c0-17.67-14.33-32-32-32z\"><\/path><\/svg><\/span>\n\t\t\t<span class='e-closed'><svg aria-hidden=\"true\" class=\"e-font-icon-svg e-fas-plus\" viewBox=\"0 0 448 512\" xmlns=\"http:\/\/www.w3.org\/2000\/svg\"><path d=\"M416 208H272V64c0-17.67-14.33-32-32-32h-32c-17.67 0-32 14.33-32 32v144H32c-17.67 0-32 14.33-32 32v32c0 17.67 14.33 32 32 32h144v144c0 17.67 14.33 32 32 32h32c17.67 0 32-14.33 32-32V304h144c17.67 0 32-14.33 32-32v-32c0-17.67-14.33-32-32-32z\"><\/path><\/svg><\/span>\n\t\t<\/span>\n\n\t\t\t\t\t\t<\/summary>\n\t\t\t\t<div role=\"region\" aria-labelledby=\"e-n-accordion-item-2131\" class=\"elementor-element elementor-element-0110ef5 e-con-full e-flex e-con e-child\" data-id=\"0110ef5\" data-element_type=\"container\">\n\t\t\t\t<div class=\"elementor-element elementor-element-48dd340 elementor-widget elementor-widget-text-editor\" data-id=\"48dd340\" data-element_type=\"widget\" data-widget_type=\"text-editor.default\">\n\t\t\t\t<div class=\"elementor-widget-container\">\n\t\t\t\t\t\t\t\t\t<p>Este eixo inclui tem\u00e1ticas com enfoque na gest\u00e3o integrada de recursos naturais, conserva\u00e7\u00e3o da biodiversidade, impactos clim\u00e1ticos, pol\u00edticas ambientais, tecnologias verdes e adapta\u00e7\u00e3o\/mitiga\u00e7\u00e3o clim\u00e1tica.<\/p>\t\t\t\t\t\t\t\t<\/div>\n\t\t\t\t<\/div>\n\t\t\t\t<\/div>\n\t\t\t\t\t<\/details>\n\t\t\t\t\t\t<details id=\"e-n-accordion-item-2132\" class=\"e-n-accordion-item\" >\n\t\t\t\t<summary class=\"e-n-accordion-item-title\" data-accordion-index=\"3\" tabindex=\"-1\" aria-expanded=\"false\" aria-controls=\"e-n-accordion-item-2132\" >\n\t\t\t\t\t<span class='e-n-accordion-item-title-header'><div class=\"e-n-accordion-item-title-text\"> Engenharia, Inova\u00e7\u00e3o e Transforma\u00e7\u00e3o Tecnol\u00f3gica  <\/div><\/span>\n\t\t\t\t\t\t\t<span class='e-n-accordion-item-title-icon'>\n\t\t\t<span class='e-opened' ><svg aria-hidden=\"true\" class=\"e-font-icon-svg e-fas-minus\" viewBox=\"0 0 448 512\" xmlns=\"http:\/\/www.w3.org\/2000\/svg\"><path d=\"M416 208H32c-17.67 0-32 14.33-32 32v32c0 17.67 14.33 32 32 32h384c17.67 0 32-14.33 32-32v-32c0-17.67-14.33-32-32-32z\"><\/path><\/svg><\/span>\n\t\t\t<span class='e-closed'><svg aria-hidden=\"true\" class=\"e-font-icon-svg e-fas-plus\" viewBox=\"0 0 448 512\" xmlns=\"http:\/\/www.w3.org\/2000\/svg\"><path d=\"M416 208H272V64c0-17.67-14.33-32-32-32h-32c-17.67 0-32 14.33-32 32v144H32c-17.67 0-32 14.33-32 32v32c0 17.67 14.33 32 32 32h144v144c0 17.67 14.33 32 32 32h32c17.67 0 32-14.33 32-32V304h144c17.67 0 32-14.33 32-32v-32c0-17.67-14.33-32-32-32z\"><\/path><\/svg><\/span>\n\t\t<\/span>\n\n\t\t\t\t\t\t<\/summary>\n\t\t\t\t<div role=\"region\" aria-labelledby=\"e-n-accordion-item-2132\" class=\"elementor-element elementor-element-a3d54a7 e-con-full e-flex e-con e-child\" data-id=\"a3d54a7\" data-element_type=\"container\">\n\t\t\t\t<div class=\"elementor-element elementor-element-9d95a83 elementor-widget elementor-widget-text-editor\" data-id=\"9d95a83\" data-element_type=\"widget\" data-widget_type=\"text-editor.default\">\n\t\t\t\t<div class=\"elementor-widget-container\">\n\t\t\t\t\t\t\t\t\t<p>Nesta tem\u00e1tica espera-se receber trabalhos ligados a inova\u00e7\u00f5es e transforma\u00e7\u00e3o tecnol\u00f3gicas em processos industriais o que inclui as fontes de energia, <em>layout<\/em>, sistemas de transporte, automatiza\u00e7\u00e3o e manuseio de materiais.<\/p>\t\t\t\t\t\t\t\t<\/div>\n\t\t\t\t<\/div>\n\t\t\t\t<\/div>\n\t\t\t\t\t<\/details>\n\t\t\t\t\t\t<details id=\"e-n-accordion-item-2133\" class=\"e-n-accordion-item\" >\n\t\t\t\t<summary class=\"e-n-accordion-item-title\" data-accordion-index=\"4\" tabindex=\"-1\" aria-expanded=\"false\" aria-controls=\"e-n-accordion-item-2133\" >\n\t\t\t\t\t<span class='e-n-accordion-item-title-header'><div class=\"e-n-accordion-item-title-text\"> Produ\u00e7\u00e3o Agr\u00edcola, Animal e Florestal  <\/div><\/span>\n\t\t\t\t\t\t\t<span class='e-n-accordion-item-title-icon'>\n\t\t\t<span class='e-opened' ><svg aria-hidden=\"true\" class=\"e-font-icon-svg e-fas-minus\" viewBox=\"0 0 448 512\" xmlns=\"http:\/\/www.w3.org\/2000\/svg\"><path d=\"M416 208H32c-17.67 0-32 14.33-32 32v32c0 17.67 14.33 32 32 32h384c17.67 0 32-14.33 32-32v-32c0-17.67-14.33-32-32-32z\"><\/path><\/svg><\/span>\n\t\t\t<span class='e-closed'><svg aria-hidden=\"true\" class=\"e-font-icon-svg e-fas-plus\" viewBox=\"0 0 448 512\" xmlns=\"http:\/\/www.w3.org\/2000\/svg\"><path d=\"M416 208H272V64c0-17.67-14.33-32-32-32h-32c-17.67 0-32 14.33-32 32v144H32c-17.67 0-32 14.33-32 32v32c0 17.67 14.33 32 32 32h144v144c0 17.67 14.33 32 32 32h32c17.67 0 32-14.33 32-32V304h144c17.67 0 32-14.33 32-32v-32c0-17.67-14.33-32-32-32z\"><\/path><\/svg><\/span>\n\t\t<\/span>\n\n\t\t\t\t\t\t<\/summary>\n\t\t\t\t<div role=\"region\" aria-labelledby=\"e-n-accordion-item-2133\" class=\"elementor-element elementor-element-75d1b97 e-flex e-con-boxed e-con e-child\" data-id=\"75d1b97\" data-element_type=\"container\">\n\t\t\t\t\t<div class=\"e-con-inner\">\n\t\t\t\t<div class=\"elementor-element elementor-element-f047c23 elementor-widget elementor-widget-text-editor\" data-id=\"f047c23\" data-element_type=\"widget\" data-widget_type=\"text-editor.default\">\n\t\t\t\t<div class=\"elementor-widget-container\">\n\t\t\t\t\t\t\t\t\t<p>Nesta tem\u00e1tica espera-se receber trabalhos sobre melhoria dos sistemas de produ\u00e7\u00e3o agr\u00edcola., animal e florestal orientada a pequenos, m\u00e9dios e grandes produtores, cobrindo toda a cadeia de valor e sistemas de mercados agr\u00edcolas para uma produ\u00e7\u00e3o sustentada e integrada.<\/p>\t\t\t\t\t\t\t\t<\/div>\n\t\t\t\t<\/div>\n\t\t\t\t\t<\/div>\n\t\t\t\t<\/div>\n\t\t\t\t\t<\/details>\n\t\t\t\t\t\t<details id=\"e-n-accordion-item-2134\" class=\"e-n-accordion-item\" >\n\t\t\t\t<summary class=\"e-n-accordion-item-title\" data-accordion-index=\"5\" tabindex=\"-1\" aria-expanded=\"false\" aria-controls=\"e-n-accordion-item-2134\" >\n\t\t\t\t\t<span class='e-n-accordion-item-title-header'><div class=\"e-n-accordion-item-title-text\"> Governa\u00e7\u00e3o, Economia e Direitos Humanos <\/div><\/span>\n\t\t\t\t\t\t\t<span class='e-n-accordion-item-title-icon'>\n\t\t\t<span class='e-opened' ><svg aria-hidden=\"true\" class=\"e-font-icon-svg e-fas-minus\" viewBox=\"0 0 448 512\" xmlns=\"http:\/\/www.w3.org\/2000\/svg\"><path d=\"M416 208H32c-17.67 0-32 14.33-32 32v32c0 17.67 14.33 32 32 32h384c17.67 0 32-14.33 32-32v-32c0-17.67-14.33-32-32-32z\"><\/path><\/svg><\/span>\n\t\t\t<span class='e-closed'><svg aria-hidden=\"true\" class=\"e-font-icon-svg e-fas-plus\" viewBox=\"0 0 448 512\" xmlns=\"http:\/\/www.w3.org\/2000\/svg\"><path d=\"M416 208H272V64c0-17.67-14.33-32-32-32h-32c-17.67 0-32 14.33-32 32v144H32c-17.67 0-32 14.33-32 32v32c0 17.67 14.33 32 32 32h144v144c0 17.67 14.33 32 32 32h32c17.67 0 32-14.33 32-32V304h144c17.67 0 32-14.33 32-32v-32c0-17.67-14.33-32-32-32z\"><\/path><\/svg><\/span>\n\t\t<\/span>\n\n\t\t\t\t\t\t<\/summary>\n\t\t\t\t<div role=\"region\" aria-labelledby=\"e-n-accordion-item-2134\" class=\"elementor-element elementor-element-57f199d e-flex e-con-boxed e-con e-child\" data-id=\"57f199d\" data-element_type=\"container\">\n\t\t\t\t\t<div class=\"e-con-inner\">\n\t\t\t\t<div class=\"elementor-element elementor-element-fdd36fe elementor-widget elementor-widget-text-editor\" data-id=\"fdd36fe\" data-element_type=\"widget\" data-widget_type=\"text-editor.default\">\n\t\t\t\t<div class=\"elementor-widget-container\">\n\t\t\t\t\t\t\t\t\t<p>Nesta tem\u00e1tica espera-se receber trabalhos sobre an\u00e1lise de pol\u00edticas, de quest\u00f5es relativas a direitos e deveres dos cidad\u00e3os, quest\u00f5es de \u00e9tica, assim como a promo\u00e7\u00e3o da sustentabilidade econ\u00f3mica, gest\u00e3o organizacional, competitividade empresarial, empreendedorismo e rela\u00e7\u00f5es de trabalho.<\/p>\t\t\t\t\t\t\t\t<\/div>\n\t\t\t\t<\/div>\n\t\t\t\t\t<\/div>\n\t\t\t\t<\/div>\n\t\t\t\t\t<\/details>\n\t\t\t\t\t\t<details id=\"e-n-accordion-item-2135\" class=\"e-n-accordion-item\" >\n\t\t\t\t<summary class=\"e-n-accordion-item-title\" data-accordion-index=\"6\" tabindex=\"-1\" aria-expanded=\"false\" aria-controls=\"e-n-accordion-item-2135\" >\n\t\t\t\t\t<span class='e-n-accordion-item-title-header'><div class=\"e-n-accordion-item-title-text\"> Territ\u00f3rio, Popula\u00e7\u00e3o e Desenvolvimento Sustent\u00e1vel <\/div><\/span>\n\t\t\t\t\t\t\t<span class='e-n-accordion-item-title-icon'>\n\t\t\t<span class='e-opened' ><svg aria-hidden=\"true\" class=\"e-font-icon-svg e-fas-minus\" viewBox=\"0 0 448 512\" xmlns=\"http:\/\/www.w3.org\/2000\/svg\"><path d=\"M416 208H32c-17.67 0-32 14.33-32 32v32c0 17.67 14.33 32 32 32h384c17.67 0 32-14.33 32-32v-32c0-17.67-14.33-32-32-32z\"><\/path><\/svg><\/span>\n\t\t\t<span class='e-closed'><svg aria-hidden=\"true\" class=\"e-font-icon-svg e-fas-plus\" viewBox=\"0 0 448 512\" xmlns=\"http:\/\/www.w3.org\/2000\/svg\"><path d=\"M416 208H272V64c0-17.67-14.33-32-32-32h-32c-17.67 0-32 14.33-32 32v144H32c-17.67 0-32 14.33-32 32v32c0 17.67 14.33 32 32 32h144v144c0 17.67 14.33 32 32 32h32c17.67 0 32-14.33 32-32V304h144c17.67 0 32-14.33 32-32v-32c0-17.67-14.33-32-32-32z\"><\/path><\/svg><\/span>\n\t\t<\/span>\n\n\t\t\t\t\t\t<\/summary>\n\t\t\t\t<div role=\"region\" aria-labelledby=\"e-n-accordion-item-2135\" class=\"elementor-element elementor-element-07640b0 e-flex e-con-boxed e-con e-child\" data-id=\"07640b0\" data-element_type=\"container\">\n\t\t\t\t\t<div class=\"e-con-inner\">\n\t\t\t\t<div class=\"elementor-element elementor-element-f42eea1 elementor-widget elementor-widget-text-editor\" data-id=\"f42eea1\" data-element_type=\"widget\" data-widget_type=\"text-editor.default\">\n\t\t\t\t<div class=\"elementor-widget-container\">\n\t\t\t\t\t\t\t\t\t<p>Nesta tem\u00e1tica espera-se receber trabalhos que versem sobre as componentes da din\u00e2mica demogr\u00e1fica, distribui\u00e7\u00e3o e redistribui\u00e7\u00e3o da popula\u00e7\u00e3o, formas de ocupa\u00e7\u00e3o no espa\u00e7o, assim como as rela\u00e7\u00f5es socioecon\u00f3micas, pol\u00edticas e com a natureza, desenvolvimento compat\u00edvel com o clima, e desenvolvimento sustent\u00e1vel integrativo no contexto nacional e regional.<\/p>\t\t\t\t\t\t\t\t<\/div>\n\t\t\t\t<\/div>\n\t\t\t\t\t<\/div>\n\t\t\t\t<\/div>\n\t\t\t\t\t<\/details>\n\t\t\t\t\t\t<details id=\"e-n-accordion-item-2136\" class=\"e-n-accordion-item\" >\n\t\t\t\t<summary class=\"e-n-accordion-item-title\" data-accordion-index=\"7\" tabindex=\"-1\" aria-expanded=\"false\" aria-controls=\"e-n-accordion-item-2136\" >\n\t\t\t\t\t<span class='e-n-accordion-item-title-header'><div class=\"e-n-accordion-item-title-text\"> Cultura, Sociedade, Educa\u00e7\u00e3o e Informa\u00e7\u00e3o <\/div><\/span>\n\t\t\t\t\t\t\t<span class='e-n-accordion-item-title-icon'>\n\t\t\t<span class='e-opened' ><svg aria-hidden=\"true\" class=\"e-font-icon-svg e-fas-minus\" viewBox=\"0 0 448 512\" xmlns=\"http:\/\/www.w3.org\/2000\/svg\"><path d=\"M416 208H32c-17.67 0-32 14.33-32 32v32c0 17.67 14.33 32 32 32h384c17.67 0 32-14.33 32-32v-32c0-17.67-14.33-32-32-32z\"><\/path><\/svg><\/span>\n\t\t\t<span class='e-closed'><svg aria-hidden=\"true\" class=\"e-font-icon-svg e-fas-plus\" viewBox=\"0 0 448 512\" xmlns=\"http:\/\/www.w3.org\/2000\/svg\"><path d=\"M416 208H272V64c0-17.67-14.33-32-32-32h-32c-17.67 0-32 14.33-32 32v144H32c-17.67 0-32 14.33-32 32v32c0 17.67 14.33 32 32 32h144v144c0 17.67 14.33 32 32 32h32c17.67 0 32-14.33 32-32V304h144c17.67 0 32-14.33 32-32v-32c0-17.67-14.33-32-32-32z\"><\/path><\/svg><\/span>\n\t\t<\/span>\n\n\t\t\t\t\t\t<\/summary>\n\t\t\t\t<div role=\"region\" aria-labelledby=\"e-n-accordion-item-2136\" class=\"elementor-element elementor-element-595a128 e-flex e-con-boxed e-con e-child\" data-id=\"595a128\" data-element_type=\"container\">\n\t\t\t\t\t<div class=\"e-con-inner\">\n\t\t\t\t<div class=\"elementor-element elementor-element-a68224b elementor-widget elementor-widget-text-editor\" data-id=\"a68224b\" data-element_type=\"widget\" data-widget_type=\"text-editor.default\">\n\t\t\t\t<div class=\"elementor-widget-container\">\n\t\t\t\t\t\t\t\t\t<p>Nesta tem\u00e1tica espera-se receber trabalhos com enfoque no conhecimento da sociedade, as pr\u00e1ticas da vida quotidiana, a comunica\u00e7\u00e3o e a educa\u00e7\u00e3o. A tem\u00e1tica acolhe tamb\u00e9m trabalhos dedicados a estudos comportamentais e de l\u00ednguas, aos espa\u00e7os de intera\u00e7\u00e3o cultural e din\u00e2mica de identidades.<\/p>\t\t\t\t\t\t\t\t<\/div>\n\t\t\t\t<\/div>\n\t\t\t\t\t<\/div>\n\t\t\t\t<\/div>\n\t\t\t\t\t<\/details>\n\t\t\t\t\t\t<details id=\"e-n-accordion-item-2137\" class=\"e-n-accordion-item\" >\n\t\t\t\t<summary class=\"e-n-accordion-item-title\" data-accordion-index=\"8\" tabindex=\"-1\" aria-expanded=\"false\" aria-controls=\"e-n-accordion-item-2137\" >\n\t\t\t\t\t<span class='e-n-accordion-item-title-header'><div class=\"e-n-accordion-item-title-text\"> Intelig\u00eancia Artificial e TICs <\/div><\/span>\n\t\t\t\t\t\t\t<span class='e-n-accordion-item-title-icon'>\n\t\t\t<span class='e-opened' ><svg aria-hidden=\"true\" class=\"e-font-icon-svg e-fas-minus\" viewBox=\"0 0 448 512\" xmlns=\"http:\/\/www.w3.org\/2000\/svg\"><path d=\"M416 208H32c-17.67 0-32 14.33-32 32v32c0 17.67 14.33 32 32 32h384c17.67 0 32-14.33 32-32v-32c0-17.67-14.33-32-32-32z\"><\/path><\/svg><\/span>\n\t\t\t<span class='e-closed'><svg aria-hidden=\"true\" class=\"e-font-icon-svg e-fas-plus\" viewBox=\"0 0 448 512\" xmlns=\"http:\/\/www.w3.org\/2000\/svg\"><path d=\"M416 208H272V64c0-17.67-14.33-32-32-32h-32c-17.67 0-32 14.33-32 32v144H32c-17.67 0-32 14.33-32 32v32c0 17.67 14.33 32 32 32h144v144c0 17.67 14.33 32 32 32h32c17.67 0 32-14.33 32-32V304h144c17.67 0 32-14.33 32-32v-32c0-17.67-14.33-32-32-32z\"><\/path><\/svg><\/span>\n\t\t<\/span>\n\n\t\t\t\t\t\t<\/summary>\n\t\t\t\t<div role=\"region\" aria-labelledby=\"e-n-accordion-item-2137\" class=\"elementor-element elementor-element-c5f65be e-flex e-con-boxed e-con e-child\" data-id=\"c5f65be\" data-element_type=\"container\">\n\t\t\t\t\t<div class=\"e-con-inner\">\n\t\t\t\t<div class=\"elementor-element elementor-element-469f2ae elementor-widget elementor-widget-text-editor\" data-id=\"469f2ae\" data-element_type=\"widget\" data-widget_type=\"text-editor.default\">\n\t\t\t\t<div class=\"elementor-widget-container\">\n\t\t\t\t\t\t\t\t\t<p>Nesta tem\u00e1tica espera-se receber trabalhos que incluem aplica\u00e7\u00f5es de intelig\u00eancia artificial, machine learning, big data, ciberseguran\u00e7a, internet das coisas (IoT), computa\u00e7\u00e3o em nuvem, transforma\u00e7\u00e3o digital e impacto das TICs na sociedade e na ind\u00fastria.<\/p>\t\t\t\t\t\t\t\t<\/div>\n\t\t\t\t<\/div>\n\t\t\t\t\t<\/div>\n\t\t\t\t<\/div>\n\t\t\t\t\t<\/details>\n\t\t\t\t\t\t<details id=\"e-n-accordion-item-2138\" class=\"e-n-accordion-item\" >\n\t\t\t\t<summary class=\"e-n-accordion-item-title\" data-accordion-index=\"9\" tabindex=\"-1\" aria-expanded=\"false\" aria-controls=\"e-n-accordion-item-2138\" >\n\t\t\t\t\t<span class='e-n-accordion-item-title-header'><div class=\"e-n-accordion-item-title-text\"> Transversais <\/div><\/span>\n\t\t\t\t\t\t\t<span class='e-n-accordion-item-title-icon'>\n\t\t\t<span class='e-opened' ><svg aria-hidden=\"true\" class=\"e-font-icon-svg e-fas-minus\" viewBox=\"0 0 448 512\" xmlns=\"http:\/\/www.w3.org\/2000\/svg\"><path d=\"M416 208H32c-17.67 0-32 14.33-32 32v32c0 17.67 14.33 32 32 32h384c17.67 0 32-14.33 32-32v-32c0-17.67-14.33-32-32-32z\"><\/path><\/svg><\/span>\n\t\t\t<span class='e-closed'><svg aria-hidden=\"true\" class=\"e-font-icon-svg e-fas-plus\" viewBox=\"0 0 448 512\" xmlns=\"http:\/\/www.w3.org\/2000\/svg\"><path d=\"M416 208H272V64c0-17.67-14.33-32-32-32h-32c-17.67 0-32 14.33-32 32v144H32c-17.67 0-32 14.33-32 32v32c0 17.67 14.33 32 32 32h144v144c0 17.67 14.33 32 32 32h32c17.67 0 32-14.33 32-32V304h144c17.67 0 32-14.33 32-32v-32c0-17.67-14.33-32-32-32z\"><\/path><\/svg><\/span>\n\t\t<\/span>\n\n\t\t\t\t\t\t<\/summary>\n\t\t\t\t<div role=\"region\" aria-labelledby=\"e-n-accordion-item-2138\" class=\"elementor-element elementor-element-6e5f2a0 e-flex e-con-boxed e-con e-child\" data-id=\"6e5f2a0\" data-element_type=\"container\">\n\t\t\t\t\t<div class=\"e-con-inner\">\n\t\t\t\t<div class=\"elementor-element elementor-element-2e4b20a elementor-widget elementor-widget-text-editor\" data-id=\"2e4b20a\" data-element_type=\"widget\" data-widget_type=\"text-editor.default\">\n\t\t\t\t<div class=\"elementor-widget-container\">\n\t\t\t\t\t\t\t\t\t<p>Nesta tem\u00e1tica espera-se receber trabalhos transversais \u00e0s outras \u00e1reas tem\u00e1ticas assim como de outras que n\u00e3o estejam devidamente enquadradas na descri\u00e7\u00e3o anteriormente feita, por exemplo G\u00e9nero, Desporto, Cidadania e outros.<\/p>\t\t\t\t\t\t\t\t<\/div>\n\t\t\t\t<\/div>\n\t\t\t\t\t<\/div>\n\t\t\t\t<\/div>\n\t\t\t\t\t<\/details>\n\t\t\t\t\t<\/div>\n\t\t\t\t\t\t<\/div>\n\t\t\t\t<\/div>\n\t\t\t\t<\/div>\n\t\t<div class=\"elementor-element elementor-element-2ef6fda e-con-full e-flex e-con e-child\" data-id=\"2ef6fda\" data-element_type=\"container\">\n\t\t\t\t<div class=\"elementor-element elementor-element-22b35b8 elementor-widget elementor-widget-heading\" data-id=\"22b35b8\" data-element_type=\"widget\" data-widget_type=\"heading.default\">\n\t\t\t\t<div class=\"elementor-widget-container\">\n\t\t\t\t\t<h3 class=\"elementor-heading-title elementor-size-default\">Informa\u00e7\u00f5es gerais<\/h3>\t\t\t\t<\/div>\n\t\t\t\t<\/div>\n\t\t\t\t<div class=\"elementor-element elementor-element-88da23c elementor-widget elementor-widget-text-editor\" data-id=\"88da23c\" data-element_type=\"widget\" data-widget_type=\"text-editor.default\">\n\t\t\t\t<div class=\"elementor-widget-container\">\n\t\t\t\t\t\t\t\t\t<p><strong>Registo de participantes e levantamento de crach\u00e1s:<\/strong><\/p><p>Datas importantes e hor\u00e1rio:<\/p><ul><li><strong>Dia 15 de Setembro<\/strong>: 7:45 \u2013 12:00h<\/li><li><strong>Dia 16 de Setembro:<\/strong> 7:45 \u2013 12:00h<\/li><li><strong>Local:<\/strong> \u00c1trio do Complexo Pedag\u00f3gico I, defronte ao Anfiteatro 1501. Campus Universit\u00e1rio Principal da UEM<\/li><\/ul><p><strong>Programas geral e detalhado do evento:<\/strong><\/p><ul><li><a href=\"https:\/\/conferenciacientifica.uem.mz\/index.php\/programa\/\">Clique aqui<\/a><\/li><\/ul><p><strong>Eventos pr\u00e9-confer\u00eancia:<\/strong><\/p><ul><li><strong>Data e hor\u00e1rio:<\/strong> 15 de Setembro, das 7:55 \u00e0s 17:00h<\/li><li><strong>Locais:<\/strong> Campus Principal e Faculdade de Medicina<\/li><\/ul>\t\t\t\t\t\t\t\t<\/div>\n\t\t\t\t<\/div>\n\t\t\t\t<div class=\"elementor-element elementor-element-3fc323c elementor-align-center elementor-widget elementor-widget-button\" data-id=\"3fc323c\" data-element_type=\"widget\" data-widget_type=\"button.default\">\n\t\t\t\t<div class=\"elementor-widget-container\">\n\t\t\t\t\t\t\t\t\t<div class=\"elementor-button-wrapper\">\n\t\t\t\t\t<a class=\"elementor-button elementor-button-link elementor-size-sm\" href=\"https:\/\/conferenciacientifica.uem.mz\/index.php\/programa\/\">\n\t\t\t\t\t\t<span class=\"elementor-button-content-wrapper\">\n\t\t\t\t\t\t\t\t\t<span class=\"elementor-button-text\">Mais detalhes...<\/span>\n\t\t\t\t\t<\/span>\n\t\t\t\t\t<\/a>\n\t\t\t\t<\/div>\n\t\t\t\t\t\t\t\t<\/div>\n\t\t\t\t<\/div>\n\t\t\t\t<\/div>\n\t\t<div class=\"elementor-element elementor-element-b384151 e-con-full e-flex e-con e-child\" data-id=\"b384151\" data-element_type=\"container\">\n\t\t\t\t<div class=\"elementor-element elementor-element-30a4e83 elementor-widget elementor-widget-heading\" data-id=\"30a4e83\" data-element_type=\"widget\" data-widget_type=\"heading.default\">\n\t\t\t\t<div class=\"elementor-widget-container\">\n\t\t\t\t\t<h3 class=\"elementor-heading-title elementor-size-default\">Datas importantes<\/h3>\t\t\t\t<\/div>\n\t\t\t\t<\/div>\n\t\t\t\t<div class=\"elementor-element elementor-element-5c5077d elementor-widget elementor-widget-n-accordion\" data-id=\"5c5077d\" data-element_type=\"widget\" data-settings=\"{&quot;default_state&quot;:&quot;all_collapsed&quot;,&quot;max_items_expended&quot;:&quot;one&quot;,&quot;n_accordion_animation_duration&quot;:{&quot;unit&quot;:&quot;ms&quot;,&quot;size&quot;:400,&quot;sizes&quot;:[]}}\" data-widget_type=\"nested-accordion.default\">\n\t\t\t\t<div class=\"elementor-widget-container\">\n\t\t\t\t\t\t\t<div class=\"e-n-accordion\" aria-label=\"Accordion. Open links with Enter or Space, close with Escape, and navigate with Arrow Keys\">\n\t\t\t\t\t\t<details id=\"e-n-accordion-item-9670\" class=\"e-n-accordion-item\" >\n\t\t\t\t<summary class=\"e-n-accordion-item-title\" data-accordion-index=\"1\" tabindex=\"0\" aria-expanded=\"false\" aria-controls=\"e-n-accordion-item-9670\" >\n\t\t\t\t\t<span class='e-n-accordion-item-title-header'><div class=\"e-n-accordion-item-title-text\"> 28\/02\/2025 <\/div><\/span>\n\t\t\t\t\t\t\t<span class='e-n-accordion-item-title-icon'>\n\t\t\t<span class='e-opened' ><svg aria-hidden=\"true\" class=\"e-font-icon-svg e-fas-minus\" viewBox=\"0 0 448 512\" xmlns=\"http:\/\/www.w3.org\/2000\/svg\"><path d=\"M416 208H32c-17.67 0-32 14.33-32 32v32c0 17.67 14.33 32 32 32h384c17.67 0 32-14.33 32-32v-32c0-17.67-14.33-32-32-32z\"><\/path><\/svg><\/span>\n\t\t\t<span class='e-closed'><svg aria-hidden=\"true\" class=\"e-font-icon-svg e-fas-minus\" viewBox=\"0 0 448 512\" xmlns=\"http:\/\/www.w3.org\/2000\/svg\"><path d=\"M416 208H32c-17.67 0-32 14.33-32 32v32c0 17.67 14.33 32 32 32h384c17.67 0 32-14.33 32-32v-32c0-17.67-14.33-32-32-32z\"><\/path><\/svg><\/span>\n\t\t<\/span>\n\n\t\t\t\t\t\t<\/summary>\n\t\t\t\t<div role=\"region\" aria-labelledby=\"e-n-accordion-item-9670\" class=\"elementor-element elementor-element-722bcd3 e-con-full e-flex e-con e-child\" data-id=\"722bcd3\" data-element_type=\"container\">\n\t\t\t\t<div class=\"elementor-element elementor-element-3e62a22 elementor-widget elementor-widget-text-editor\" data-id=\"3e62a22\" data-element_type=\"widget\" data-widget_type=\"text-editor.default\">\n\t\t\t\t<div class=\"elementor-widget-container\">\n\t\t\t\t\t\t\t\t\t<p>In\u00edcio das inscri\u00e7\u00f5es dos participantes e submiss\u00e3o dos resumos<\/p>\t\t\t\t\t\t\t\t<\/div>\n\t\t\t\t<\/div>\n\t\t\t\t<\/div>\n\t\t\t\t\t<\/details>\n\t\t\t\t\t\t<details id=\"e-n-accordion-item-9671\" class=\"e-n-accordion-item\" >\n\t\t\t\t<summary class=\"e-n-accordion-item-title\" data-accordion-index=\"2\" tabindex=\"-1\" aria-expanded=\"false\" aria-controls=\"e-n-accordion-item-9671\" >\n\t\t\t\t\t<span class='e-n-accordion-item-title-header'><div class=\"e-n-accordion-item-title-text\"> 30\/05\/2025 <\/div><\/span>\n\t\t\t\t\t\t\t<span class='e-n-accordion-item-title-icon'>\n\t\t\t<span class='e-opened' ><svg aria-hidden=\"true\" class=\"e-font-icon-svg e-fas-minus\" viewBox=\"0 0 448 512\" xmlns=\"http:\/\/www.w3.org\/2000\/svg\"><path d=\"M416 208H32c-17.67 0-32 14.33-32 32v32c0 17.67 14.33 32 32 32h384c17.67 0 32-14.33 32-32v-32c0-17.67-14.33-32-32-32z\"><\/path><\/svg><\/span>\n\t\t\t<span class='e-closed'><svg aria-hidden=\"true\" class=\"e-font-icon-svg e-fas-minus\" viewBox=\"0 0 448 512\" xmlns=\"http:\/\/www.w3.org\/2000\/svg\"><path d=\"M416 208H32c-17.67 0-32 14.33-32 32v32c0 17.67 14.33 32 32 32h384c17.67 0 32-14.33 32-32v-32c0-17.67-14.33-32-32-32z\"><\/path><\/svg><\/span>\n\t\t<\/span>\n\n\t\t\t\t\t\t<\/summary>\n\t\t\t\t<div role=\"region\" aria-labelledby=\"e-n-accordion-item-9671\" class=\"elementor-element elementor-element-4a86540 e-con-full e-flex e-con e-child\" data-id=\"4a86540\" data-element_type=\"container\">\n\t\t\t\t<div class=\"elementor-element elementor-element-d790474 elementor-widget elementor-widget-text-editor\" data-id=\"d790474\" data-element_type=\"widget\" data-widget_type=\"text-editor.default\">\n\t\t\t\t<div class=\"elementor-widget-container\">\n\t\t\t\t\t\t\t\t\t<p>Data-limite para a submiss\u00e3o dos resumos<\/p>\t\t\t\t\t\t\t\t<\/div>\n\t\t\t\t<\/div>\n\t\t\t\t<\/div>\n\t\t\t\t\t<\/details>\n\t\t\t\t\t\t<details id=\"e-n-accordion-item-9672\" class=\"e-n-accordion-item\" >\n\t\t\t\t<summary class=\"e-n-accordion-item-title\" data-accordion-index=\"3\" tabindex=\"-1\" aria-expanded=\"false\" aria-controls=\"e-n-accordion-item-9672\" >\n\t\t\t\t\t<span class='e-n-accordion-item-title-header'><div class=\"e-n-accordion-item-title-text\"> 15\/07\/2025 <\/div><\/span>\n\t\t\t\t\t\t\t<span class='e-n-accordion-item-title-icon'>\n\t\t\t<span class='e-opened' ><svg aria-hidden=\"true\" class=\"e-font-icon-svg e-fas-minus\" viewBox=\"0 0 448 512\" xmlns=\"http:\/\/www.w3.org\/2000\/svg\"><path d=\"M416 208H32c-17.67 0-32 14.33-32 32v32c0 17.67 14.33 32 32 32h384c17.67 0 32-14.33 32-32v-32c0-17.67-14.33-32-32-32z\"><\/path><\/svg><\/span>\n\t\t\t<span class='e-closed'><svg aria-hidden=\"true\" class=\"e-font-icon-svg e-fas-minus\" viewBox=\"0 0 448 512\" xmlns=\"http:\/\/www.w3.org\/2000\/svg\"><path d=\"M416 208H32c-17.67 0-32 14.33-32 32v32c0 17.67 14.33 32 32 32h384c17.67 0 32-14.33 32-32v-32c0-17.67-14.33-32-32-32z\"><\/path><\/svg><\/span>\n\t\t<\/span>\n\n\t\t\t\t\t\t<\/summary>\n\t\t\t\t<div role=\"region\" aria-labelledby=\"e-n-accordion-item-9672\" class=\"elementor-element elementor-element-b9aabe4 e-con-full e-flex e-con e-child\" data-id=\"b9aabe4\" data-element_type=\"container\">\n\t\t\t\t<div class=\"elementor-element elementor-element-5cecbe6 elementor-widget elementor-widget-text-editor\" data-id=\"5cecbe6\" data-element_type=\"widget\" data-widget_type=\"text-editor.default\">\n\t\t\t\t<div class=\"elementor-widget-container\">\n\t\t\t\t\t\t\t\t\t<p>Notifica\u00e7\u00e3o e divulga\u00e7\u00e3o dos resultados da avalia\u00e7\u00e3o dos resumos<\/p>\t\t\t\t\t\t\t\t<\/div>\n\t\t\t\t<\/div>\n\t\t\t\t<\/div>\n\t\t\t\t\t<\/details>\n\t\t\t\t\t\t<details id=\"e-n-accordion-item-9673\" class=\"e-n-accordion-item\" >\n\t\t\t\t<summary class=\"e-n-accordion-item-title\" data-accordion-index=\"4\" tabindex=\"-1\" aria-expanded=\"false\" aria-controls=\"e-n-accordion-item-9673\" >\n\t\t\t\t\t<span class='e-n-accordion-item-title-header'><div class=\"e-n-accordion-item-title-text\"> 01\/09\/2025 <\/div><\/span>\n\t\t\t\t\t\t\t<span class='e-n-accordion-item-title-icon'>\n\t\t\t<span class='e-opened' ><svg aria-hidden=\"true\" class=\"e-font-icon-svg e-fas-minus\" viewBox=\"0 0 448 512\" xmlns=\"http:\/\/www.w3.org\/2000\/svg\"><path d=\"M416 208H32c-17.67 0-32 14.33-32 32v32c0 17.67 14.33 32 32 32h384c17.67 0 32-14.33 32-32v-32c0-17.67-14.33-32-32-32z\"><\/path><\/svg><\/span>\n\t\t\t<span class='e-closed'><svg aria-hidden=\"true\" class=\"e-font-icon-svg e-fas-minus\" viewBox=\"0 0 448 512\" xmlns=\"http:\/\/www.w3.org\/2000\/svg\"><path d=\"M416 208H32c-17.67 0-32 14.33-32 32v32c0 17.67 14.33 32 32 32h384c17.67 0 32-14.33 32-32v-32c0-17.67-14.33-32-32-32z\"><\/path><\/svg><\/span>\n\t\t<\/span>\n\n\t\t\t\t\t\t<\/summary>\n\t\t\t\t<div role=\"region\" aria-labelledby=\"e-n-accordion-item-9673\" class=\"elementor-element elementor-element-a765508 e-flex e-con-boxed e-con e-child\" data-id=\"a765508\" data-element_type=\"container\">\n\t\t\t\t\t<div class=\"e-con-inner\">\n\t\t\t\t<div class=\"elementor-element elementor-element-c82e686 elementor-widget elementor-widget-text-editor\" data-id=\"c82e686\" data-element_type=\"widget\" data-widget_type=\"text-editor.default\">\n\t\t\t\t<div class=\"elementor-widget-container\">\n\t\t\t\t\t\t\t\t\t<p>Fim das inscri\u00e7\u00f5es dos participantes<\/p>\t\t\t\t\t\t\t\t<\/div>\n\t\t\t\t<\/div>\n\t\t\t\t\t<\/div>\n\t\t\t\t<\/div>\n\t\t\t\t\t<\/details>\n\t\t\t\t\t\t<details id=\"e-n-accordion-item-9674\" class=\"e-n-accordion-item\" >\n\t\t\t\t<summary class=\"e-n-accordion-item-title\" data-accordion-index=\"5\" tabindex=\"-1\" aria-expanded=\"false\" aria-controls=\"e-n-accordion-item-9674\" >\n\t\t\t\t\t<span class='e-n-accordion-item-title-header'><div class=\"e-n-accordion-item-title-text\"> 01\/09\/2025 <\/div><\/span>\n\t\t\t\t\t\t\t<span class='e-n-accordion-item-title-icon'>\n\t\t\t<span class='e-opened' ><svg aria-hidden=\"true\" class=\"e-font-icon-svg e-fas-minus\" viewBox=\"0 0 448 512\" xmlns=\"http:\/\/www.w3.org\/2000\/svg\"><path d=\"M416 208H32c-17.67 0-32 14.33-32 32v32c0 17.67 14.33 32 32 32h384c17.67 0 32-14.33 32-32v-32c0-17.67-14.33-32-32-32z\"><\/path><\/svg><\/span>\n\t\t\t<span class='e-closed'><svg aria-hidden=\"true\" class=\"e-font-icon-svg e-fas-minus\" viewBox=\"0 0 448 512\" xmlns=\"http:\/\/www.w3.org\/2000\/svg\"><path d=\"M416 208H32c-17.67 0-32 14.33-32 32v32c0 17.67 14.33 32 32 32h384c17.67 0 32-14.33 32-32v-32c0-17.67-14.33-32-32-32z\"><\/path><\/svg><\/span>\n\t\t<\/span>\n\n\t\t\t\t\t\t<\/summary>\n\t\t\t\t<div role=\"region\" aria-labelledby=\"e-n-accordion-item-9674\" class=\"elementor-element elementor-element-785d062 e-flex e-con-boxed e-con e-child\" data-id=\"785d062\" data-element_type=\"container\">\n\t\t\t\t\t<div class=\"e-con-inner\">\n\t\t\t\t<div class=\"elementor-element elementor-element-209a7f2 elementor-widget elementor-widget-text-editor\" data-id=\"209a7f2\" data-element_type=\"widget\" data-widget_type=\"text-editor.default\">\n\t\t\t\t<div class=\"elementor-widget-container\">\n\t\t\t\t\t\t\t\t\t<p>Data-limite para a submiss\u00e3o das apresenta\u00e7\u00f5es em Powerpoint ou Poster<\/p>\t\t\t\t\t\t\t\t<\/div>\n\t\t\t\t<\/div>\n\t\t\t\t\t<\/div>\n\t\t\t\t<\/div>\n\t\t\t\t\t<\/details>\n\t\t\t\t\t\t<details id=\"e-n-accordion-item-9675\" class=\"e-n-accordion-item\" >\n\t\t\t\t<summary class=\"e-n-accordion-item-title\" data-accordion-index=\"6\" tabindex=\"-1\" aria-expanded=\"false\" aria-controls=\"e-n-accordion-item-9675\" >\n\t\t\t\t\t<span class='e-n-accordion-item-title-header'><div class=\"e-n-accordion-item-title-text\"> 01\/09\/2025 <\/div><\/span>\n\t\t\t\t\t\t\t<span class='e-n-accordion-item-title-icon'>\n\t\t\t<span class='e-opened' ><svg aria-hidden=\"true\" class=\"e-font-icon-svg e-fas-minus\" viewBox=\"0 0 448 512\" xmlns=\"http:\/\/www.w3.org\/2000\/svg\"><path d=\"M416 208H32c-17.67 0-32 14.33-32 32v32c0 17.67 14.33 32 32 32h384c17.67 0 32-14.33 32-32v-32c0-17.67-14.33-32-32-32z\"><\/path><\/svg><\/span>\n\t\t\t<span class='e-closed'><svg aria-hidden=\"true\" class=\"e-font-icon-svg e-fas-minus\" viewBox=\"0 0 448 512\" xmlns=\"http:\/\/www.w3.org\/2000\/svg\"><path d=\"M416 208H32c-17.67 0-32 14.33-32 32v32c0 17.67 14.33 32 32 32h384c17.67 0 32-14.33 32-32v-32c0-17.67-14.33-32-32-32z\"><\/path><\/svg><\/span>\n\t\t<\/span>\n\n\t\t\t\t\t\t<\/summary>\n\t\t\t\t<div role=\"region\" aria-labelledby=\"e-n-accordion-item-9675\" class=\"elementor-element elementor-element-9c7cc38 e-flex e-con-boxed e-con e-child\" data-id=\"9c7cc38\" data-element_type=\"container\">\n\t\t\t\t\t<div class=\"e-con-inner\">\n\t\t\t\t<div class=\"elementor-element elementor-element-b2761a1 elementor-widget elementor-widget-text-editor\" data-id=\"b2761a1\" data-element_type=\"widget\" data-widget_type=\"text-editor.default\">\n\t\t\t\t<div class=\"elementor-widget-container\">\n\t\t\t\t\t\t\t\t\t<p>Divulga\u00e7\u00e3o do Programa da XIII Confer\u00eancia Cient\u00edfica da UEM<\/p>\t\t\t\t\t\t\t\t<\/div>\n\t\t\t\t<\/div>\n\t\t\t\t\t<\/div>\n\t\t\t\t<\/div>\n\t\t\t\t\t<\/details>\n\t\t\t\t\t\t<details id=\"e-n-accordion-item-9676\" class=\"e-n-accordion-item\" >\n\t\t\t\t<summary class=\"e-n-accordion-item-title\" data-accordion-index=\"7\" tabindex=\"-1\" aria-expanded=\"false\" aria-controls=\"e-n-accordion-item-9676\" >\n\t\t\t\t\t<span class='e-n-accordion-item-title-header'><div class=\"e-n-accordion-item-title-text\"> 16-19\/09 <\/div><\/span>\n\t\t\t\t\t\t\t<span class='e-n-accordion-item-title-icon'>\n\t\t\t<span class='e-opened' ><svg aria-hidden=\"true\" class=\"e-font-icon-svg e-fas-minus\" viewBox=\"0 0 448 512\" xmlns=\"http:\/\/www.w3.org\/2000\/svg\"><path d=\"M416 208H32c-17.67 0-32 14.33-32 32v32c0 17.67 14.33 32 32 32h384c17.67 0 32-14.33 32-32v-32c0-17.67-14.33-32-32-32z\"><\/path><\/svg><\/span>\n\t\t\t<span class='e-closed'><svg aria-hidden=\"true\" class=\"e-font-icon-svg e-fas-minus\" viewBox=\"0 0 448 512\" xmlns=\"http:\/\/www.w3.org\/2000\/svg\"><path d=\"M416 208H32c-17.67 0-32 14.33-32 32v32c0 17.67 14.33 32 32 32h384c17.67 0 32-14.33 32-32v-32c0-17.67-14.33-32-32-32z\"><\/path><\/svg><\/span>\n\t\t<\/span>\n\n\t\t\t\t\t\t<\/summary>\n\t\t\t\t<div role=\"region\" aria-labelledby=\"e-n-accordion-item-9676\" class=\"elementor-element elementor-element-62f98c9 e-flex e-con-boxed e-con e-child\" data-id=\"62f98c9\" data-element_type=\"container\">\n\t\t\t\t\t<div class=\"e-con-inner\">\n\t\t\t\t<div class=\"elementor-element elementor-element-66cd836 elementor-widget elementor-widget-text-editor\" data-id=\"66cd836\" data-element_type=\"widget\" data-widget_type=\"text-editor.default\">\n\t\t\t\t<div class=\"elementor-widget-container\">\n\t\t\t\t\t\t\t\t\t<p>Dia da Realiza\u00e7\u00e3o da XIII Confer\u00eancia Cient\u00edfica da UEM<\/p>\t\t\t\t\t\t\t\t<\/div>\n\t\t\t\t<\/div>\n\t\t\t\t\t<\/div>\n\t\t\t\t<\/div>\n\t\t\t\t\t<\/details>\n\t\t\t\t\t<\/div>\n\t\t\t\t\t\t<\/div>\n\t\t\t\t<\/div>\n\t\t\t\t<\/div>\n\t\t\t\t\t<\/div>\n\t\t\t\t<\/div>\n\t\t<div class=\"elementor-element elementor-element-732016f e-flex e-con-boxed e-con e-parent\" data-id=\"732016f\" data-element_type=\"container\">\n\t\t\t\t\t<div class=\"e-con-inner\">\n\t\t\t\t<div class=\"elementor-element elementor-element-f74e88d elementor-widget-divider--view-line_text elementor-widget-divider--element-align-center elementor-widget elementor-widget-divider\" data-id=\"f74e88d\" data-element_type=\"widget\" data-widget_type=\"divider.default\">\n\t\t\t\t<div class=\"elementor-widget-container\">\n\t\t\t\t\t\t\t<div class=\"elementor-divider\">\n\t\t\t<span class=\"elementor-divider-separator\">\n\t\t\t\t\t\t\t<span class=\"elementor-divider__text elementor-divider__element\">\n\t\t\t\tACTUALIZA\u00c7\u00d5ES\t\t\t\t<\/span>\n\t\t\t\t\t\t<\/span>\n\t\t<\/div>\n\t\t\t\t\t\t<\/div>\n\t\t\t\t<\/div>\n\t\t\t\t<div class=\"elementor-element elementor-element-ecd9006 elementor-grid-3 elementor-grid-tablet-2 elementor-grid-mobile-1 elementor-posts--thumbnail-top elementor-card-shadow-yes elementor-posts__hover-gradient elementor-widget elementor-widget-posts\" data-id=\"ecd9006\" data-element_type=\"widget\" data-settings=\"{&quot;cards_columns&quot;:&quot;3&quot;,&quot;cards_columns_tablet&quot;:&quot;2&quot;,&quot;cards_columns_mobile&quot;:&quot;1&quot;,&quot;cards_row_gap&quot;:{&quot;unit&quot;:&quot;px&quot;,&quot;size&quot;:35,&quot;sizes&quot;:[]},&quot;cards_row_gap_tablet&quot;:{&quot;unit&quot;:&quot;px&quot;,&quot;size&quot;:&quot;&quot;,&quot;sizes&quot;:[]},&quot;cards_row_gap_mobile&quot;:{&quot;unit&quot;:&quot;px&quot;,&quot;size&quot;:&quot;&quot;,&quot;sizes&quot;:[]}}\" data-widget_type=\"posts.cards\">\n\t\t\t\t<div class=\"elementor-widget-container\">\n\t\t\t\t\t\t\t<div class=\"elementor-posts-container elementor-posts elementor-posts--skin-cards elementor-grid\">\r\n\t\t\t\t<article class=\"elementor-post elementor-grid-item post-184 post type-post status-publish format-standard has-post-thumbnail hentry category-noticias\">\r\n\t\t\t<div class=\"elementor-post__card\">\r\n\t\t\t\t<a class=\"elementor-post__thumbnail__link\" href=\"https:\/\/conferenciacientifica.uem.mz\/index.php\/2024\/09\/07\/universidade-deve-perceber-as-dinamicas-do-mercado-defendem-painelistas\/\" ><div class=\"elementor-post__thumbnail\"><img fetchpriority=\"high\" decoding=\"async\" width=\"300\" height=\"187\" src=\"https:\/\/conferenciacientifica.uem.mz\/wp-content\/uploads\/2024\/09\/empregabilidade_dos_graduados_da_uem.jpg\" class=\"attachment-medium size-medium wp-image-186\" alt=\"\" \/><\/div><\/a>\r\n\t\t\t\t<div class=\"elementor-post__badge\">Not\u00edcias<\/div>\r\n\t\t\t\t<div class=\"elementor-post__text\">\r\n\t\t\t\t<h3 class=\"elementor-post__title\">\r\n\t\t\t<a href=\"https:\/\/conferenciacientifica.uem.mz\/index.php\/2024\/09\/07\/universidade-deve-perceber-as-dinamicas-do-mercado-defendem-painelistas\/\" >\r\n\t\t\t\tUniversidade deve perceber as din\u00e2micas do mercado: defendem painelistas\t\t\t<\/a>\r\n\t\t<\/h3>\r\n\t\t\t\t<div class=\"elementor-post__excerpt\">\r\n\t\t\t<p>O Engenheiro Rog\u00e9rio Samo Gudo, PCA do MCNET, defendeu o esp\u00edrito empreendedor e inovador nos graduados, para aumentarem as suas possibilidades em adquirirem e se manterem no emprego. Samo Gudo apelou aos formados que procurem, primeiro, as pequenas empresas para receberem a aten\u00e7\u00e3o directa e necess\u00e1ria de um l\u00edder, porquanto<\/p>\n\t\t<\/div>\r\n\t\t\r\n\t\t<a class=\"elementor-post__read-more\" href=\"https:\/\/conferenciacientifica.uem.mz\/index.php\/2024\/09\/07\/universidade-deve-perceber-as-dinamicas-do-mercado-defendem-painelistas\/\" aria-label=\"Read more about Universidade deve perceber as din\u00e2micas do mercado: defendem painelistas\" >\r\n\t\t\tLer mais \u00bb\t\t<\/a>\r\n\r\n\t\t\t\t<\/div>\r\n\t\t\t\t<div class=\"elementor-post__meta-data\">\r\n\t\t\t\t\t<span class=\"elementor-post-date\">\r\n\t\t\tSeptember 7, 2024\t\t<\/span>\r\n\t\t\t\t<\/div>\r\n\t\t\t\t\t<\/div>\r\n\t\t<\/article>\r\n\t\t\t\t<article class=\"elementor-post elementor-grid-item post-181 post type-post status-publish format-standard has-post-thumbnail hentry category-noticias\">\r\n\t\t\t<div class=\"elementor-post__card\">\r\n\t\t\t\t<a class=\"elementor-post__thumbnail__link\" href=\"https:\/\/conferenciacientifica.uem.mz\/index.php\/2024\/08\/23\/expandir-horizontes-da-educacao-com-recurso-a-inteligencia-artificial\/\" ><div class=\"elementor-post__thumbnail\"><img decoding=\"async\" width=\"300\" height=\"228\" src=\"https:\/\/conferenciacientifica.uem.mz\/wp-content\/uploads\/2024\/09\/twtd_2024.jpg\" class=\"attachment-medium size-medium wp-image-182\" alt=\"\" \/><\/div><\/a>\r\n\t\t\t\t<div class=\"elementor-post__badge\">Not\u00edcias<\/div>\r\n\t\t\t\t<div class=\"elementor-post__text\">\r\n\t\t\t\t<h3 class=\"elementor-post__title\">\r\n\t\t\t<a href=\"https:\/\/conferenciacientifica.uem.mz\/index.php\/2024\/08\/23\/expandir-horizontes-da-educacao-com-recurso-a-inteligencia-artificial\/\" >\r\n\t\t\t\tExpandir horizontes da educa\u00e7\u00e3o com recurso \u00e0 Intelig\u00eancia Artificial\t\t\t<\/a>\r\n\t\t<\/h3>\r\n\t\t\t\t<div class=\"elementor-post__excerpt\">\r\n\t\t\t<p>\u00c9 com esta vis\u00e3o futurista que os participantes de uma palestra subordinada ao tema \u201cTransformando a Educa\u00e7\u00e3o em Clima e Sa\u00fade: como a Aprendizagem de M\u00e1quina pode ajudar a antecipar o quase-imprevis\u00edvel\u201d saem da 4\u00aa Edi\u00e7\u00e3o do Dia do Ensino com Recurso \u00e0 Tecnologia, havida esta Sexta-feira, no Campus Principal<\/p>\n\t\t<\/div>\r\n\t\t\r\n\t\t<a class=\"elementor-post__read-more\" href=\"https:\/\/conferenciacientifica.uem.mz\/index.php\/2024\/08\/23\/expandir-horizontes-da-educacao-com-recurso-a-inteligencia-artificial\/\" aria-label=\"Read more about Expandir horizontes da educa\u00e7\u00e3o com recurso \u00e0 Intelig\u00eancia Artificial\" >\r\n\t\t\tLer mais \u00bb\t\t<\/a>\r\n\r\n\t\t\t\t<\/div>\r\n\t\t\t\t<div class=\"elementor-post__meta-data\">\r\n\t\t\t\t\t<span class=\"elementor-post-date\">\r\n\t\t\tAugust 23, 2024\t\t<\/span>\r\n\t\t\t\t<\/div>\r\n\t\t\t\t\t<\/div>\r\n\t\t<\/article>\r\n\t\t\t\t<article class=\"elementor-post elementor-grid-item post-187 post type-post status-publish format-standard has-post-thumbnail hentry category-noticias\">\r\n\t\t\t<div class=\"elementor-post__card\">\r\n\t\t\t\t<a class=\"elementor-post__thumbnail__link\" href=\"https:\/\/conferenciacientifica.uem.mz\/index.php\/2024\/08\/16\/mobilidade-de-estudante-na-universidade-de-lisboa-portugal-ano-2024-2025\/\" ><div class=\"elementor-post__thumbnail\"><img decoding=\"async\" width=\"300\" height=\"127\" src=\"https:\/\/conferenciacientifica.uem.mz\/wp-content\/uploads\/2024\/09\/RecepcaoestudantesKalisz1.jpg\" class=\"attachment-medium size-medium wp-image-189\" alt=\"\" \/><\/div><\/a>\r\n\t\t\t\t<div class=\"elementor-post__badge\">Not\u00edcias<\/div>\r\n\t\t\t\t<div class=\"elementor-post__text\">\r\n\t\t\t\t<h3 class=\"elementor-post__title\">\r\n\t\t\t<a href=\"https:\/\/conferenciacientifica.uem.mz\/index.php\/2024\/08\/16\/mobilidade-de-estudante-na-universidade-de-lisboa-portugal-ano-2024-2025\/\" >\r\n\t\t\t\tMobilidade de Estudante na Universidade de Lisboa \u2013 Portugal (ano 2024\/2025)\t\t\t<\/a>\r\n\t\t<\/h3>\r\n\t\t\t\t<div class=\"elementor-post__excerpt\">\r\n\t\t\t<p>No \u00e2mbito do Programa Erasmus+ (Key Action 171), a Universidade de Lisboa (Portugal) tem dispon\u00edveis fundos para financiar 1 estudante da Universidade Eduardo Mondlane (UEM) para fazer mobilidade acad\u00e9mica para aquisi\u00e7\u00e3o de cr\u00e9ditos acad\u00e9micos Para mais detalhes veja o documento a seguir:<\/p>\n\t\t<\/div>\r\n\t\t\r\n\t\t<a class=\"elementor-post__read-more\" href=\"https:\/\/conferenciacientifica.uem.mz\/index.php\/2024\/08\/16\/mobilidade-de-estudante-na-universidade-de-lisboa-portugal-ano-2024-2025\/\" aria-label=\"Read more about Mobilidade de Estudante na Universidade de Lisboa \u2013 Portugal (ano 2024\/2025)\" >\r\n\t\t\tLer mais \u00bb\t\t<\/a>\r\n\r\n\t\t\t\t<\/div>\r\n\t\t\t\t<div class=\"elementor-post__meta-data\">\r\n\t\t\t\t\t<span class=\"elementor-post-date\">\r\n\t\t\tAugust 16, 2024\t\t<\/span>\r\n\t\t\t\t<\/div>\r\n\t\t\t\t\t<\/div>\r\n\t\t<\/article>\r\n\t\t\t\t<\/div>\r\n\t\t\r\n\t\t\t\t\t\t<\/div>\n\t\t\t\t<\/div>\n\t\t\t\t\t<\/div>\n\t\t\t\t<\/div>\n\t\t<div class=\"elementor-element elementor-element-8e2cb3e e-flex e-con-boxed e-con e-parent\" data-id=\"8e2cb3e\" data-element_type=\"container\" data-settings=\"{&quot;background_background&quot;:&quot;classic&quot;,&quot;shape_divider_top&quot;:&quot;pyramids&quot;}\">\n\t\t\t\t\t<div class=\"e-con-inner\">\n\t\t\t\t<div class=\"elementor-shape elementor-shape-top\" data-negative=\"false\">\n\t\t\t<svg xmlns=\"http:\/\/www.w3.org\/2000\/svg\" viewBox=\"0 0 1000 100\" preserveAspectRatio=\"none\">\n\t<path class=\"elementor-shape-fill\" d=\"M761.9,44.1L643.1,27.2L333.8,98L0,3.8V0l1000,0v3.9\"\/>\n<\/svg>\t\t<\/div>\n\t\t<div class=\"elementor-element elementor-element-2287417 e-con-full e-flex e-con e-child\" data-id=\"2287417\" data-element_type=\"container\">\n\t\t\t\t<\/div>\n\t\t<div class=\"elementor-element elementor-element-8a2067a e-con-full e-flex e-con e-child\" data-id=\"8a2067a\" data-element_type=\"container\">\n\t\t\t\t<div class=\"elementor-element elementor-element-957b011 elementor-widget elementor-widget-button\" data-id=\"957b011\" data-element_type=\"widget\" data-widget_type=\"button.default\">\n\t\t\t\t<div class=\"elementor-widget-container\">\n\t\t\t\t\t\t\t\t\t<div class=\"elementor-button-wrapper\">\n\t\t\t\t\t<a class=\"elementor-button elementor-button-link elementor-size-sm\" href=\"https:\/\/conferenciacientifica.uem.mz\/index.php\/noticias\/\">\n\t\t\t\t\t\t<span class=\"elementor-button-content-wrapper\">\n\t\t\t\t\t\t\t\t\t<span class=\"elementor-button-text\">Ver mais not\u00edcias<\/span>\n\t\t\t\t\t<\/span>\n\t\t\t\t\t<\/a>\n\t\t\t\t<\/div>\n\t\t\t\t\t\t\t\t<\/div>\n\t\t\t\t<\/div>\n\t\t\t\t<\/div>\n\t\t<div class=\"elementor-element elementor-element-27ae2da e-con-full e-flex e-con e-child\" data-id=\"27ae2da\" data-element_type=\"container\">\n\t\t\t\t<\/div>\n\t\t\t\t\t<\/div>\n\t\t\t\t<\/div>\n\t\t\t\t<\/div>\n\t\t","protected":false},"excerpt":{"rendered":"<p>SOBRE A CONFER\u00caNCIA CIENTI\u0301FICA DA UEM A Confer\u00eancia Cient\u00edfica da Universidade Eduardo Mondlane (UEM), \u00e9 um f\u00f3rum bienal, inter e [&hellip;]<\/p>\n","protected":false},"author":1,"featured_media":0,"parent":0,"menu_order":0,"comment_status":"closed","ping_status":"closed","template":"","meta":{"site-sidebar-layout":"no-sidebar","site-content-layout":"","ast-site-content-layout":"full-width-container","site-content-style":"default","site-sidebar-style":"default","ast-global-header-display":"","ast-banner-title-visibility":"","ast-main-header-display":"","ast-hfb-above-header-display":"","ast-hfb-below-header-display":"","ast-hfb-mobile-header-display":"","site-post-title":"disabled","ast-breadcrumbs-content":"","ast-featured-img":"disabled","footer-sml-layout":"","theme-transparent-header-meta":"","adv-header-id-meta":"","stick-header-meta":"","header-above-stick-meta":"","header-main-stick-meta":"","header-below-stick-meta":"","astra-migrate-meta-layouts":"default","ast-page-background-enabled":"default","ast-page-background-meta":{"desktop":{"background-color":"var(--ast-global-color-4)","background-image":"","background-repeat":"repeat","background-position":"center center","background-size":"auto","background-attachment":"scroll","background-type":"","background-media":"","overlay-type":"","overlay-color":"","overlay-opacity":"","overlay-gradient":""},"tablet":{"background-color":"","background-image":"","background-repeat":"repeat","background-position":"center center","background-size":"auto","background-attachment":"scroll","background-type":"","background-media":"","overlay-type":"","overlay-color":"","overlay-opacity":"","overlay-gradient":""},"mobile":{"background-color":"","background-image":"","background-repeat":"repeat","background-position":"center center","background-size":"auto","background-attachment":"scroll","background-type":"","background-media":"","overlay-type":"","overlay-color":"","overlay-opacity":"","overlay-gradient":""}},"ast-content-background-meta":{"desktop":{"background-color":"var(--ast-global-color-5)","background-image":"","background-repeat":"repeat","background-position":"center center","background-size":"auto","background-attachment":"scroll","background-type":"","background-media":"","overlay-type":"","overlay-color":"","overlay-opacity":"","overlay-gradient":""},"tablet":{"background-color":"var(--ast-global-color-5)","background-image":"","background-repeat":"repeat","background-position":"center center","background-size":"auto","background-attachment":"scroll","background-type":"","background-media":"","overlay-type":"","overlay-color":"","overlay-opacity":"","overlay-gradient":""},"mobile":{"background-color":"var(--ast-global-color-5)","background-image":"","background-repeat":"repeat","background-position":"center center","background-size":"auto","background-attachment":"scroll","background-type":"","background-media":"","overlay-type":"","overlay-color":"","overlay-opacity":"","overlay-gradient":""}},"footnotes":""},"class_list":["post-116","page","type-page","status-publish","hentry"],"_links":{"self":[{"href":"https:\/\/conferenciacientifica.uem.mz\/index.php\/wp-json\/wp\/v2\/pages\/116","targetHints":{"allow":["GET"]}}],"collection":[{"href":"https:\/\/conferenciacientifica.uem.mz\/index.php\/wp-json\/wp\/v2\/pages"}],"about":[{"href":"https:\/\/conferenciacientifica.uem.mz\/index.php\/wp-json\/wp\/v2\/types\/page"}],"author":[{"embeddable":true,"href":"https:\/\/conferenciacientifica.uem.mz\/index.php\/wp-json\/wp\/v2\/users\/1"}],"replies":[{"embeddable":true,"href":"https:\/\/conferenciacientifica.uem.mz\/index.php\/wp-json\/wp\/v2\/comments?post=116"}],"version-history":[{"count":232,"href":"https:\/\/conferenciacientifica.uem.mz\/index.php\/wp-json\/wp\/v2\/pages\/116\/revisions"}],"predecessor-version":[{"id":1469,"href":"https:\/\/conferenciacientifica.uem.mz\/index.php\/wp-json\/wp\/v2\/pages\/116\/revisions\/1469"}],"wp:attachment":[{"href":"https:\/\/conferenciacientifica.uem.mz\/index.php\/wp-json\/wp\/v2\/media?parent=116"}],"curies":[{"name":"wp","href":"https:\/\/api.w.org\/{rel}","templated":true}]}}